{"id":1833,"date":"2022-06-20T12:12:16","date_gmt":"2022-06-20T10:12:16","guid":{"rendered":"http:\/\/www.fribourgnetwork.ch\/a-propos-de-fribourg\/"},"modified":"2025-05-22T16:47:14","modified_gmt":"2025-05-22T14:47:14","slug":"warum-freiburg","status":"publish","type":"page","link":"https:\/\/www.fribourg.swiss\/de\/warum-freiburg\/","title":{"rendered":"Warum Freiburg?"},"content":{"rendered":"<div class=\"wpb-content-wrapper\"><p>[vc_row el_class=&#8220;pt-0 pb-0&#8243;][vc_column][vc_row_inner][vc_column_inner width=&#8220;2\/12&#8243;][\/vc_column_inner][vc_column_inner width=&#8220;8\/12&#8243;][vc_column_text]<\/p>\n<h2>WARUM FREIBURG?<\/h2>\n<p>[\/vc_column_text][\/vc_column_inner][vc_column_inner width=&#8220;2\/12&#8243;][\/vc_column_inner][\/vc_row_inner][\/vc_column][\/vc_row][vc_row][vc_column][vc_row_inner][vc_column_inner width=&#8220;2\/12&#8243;][\/vc_column_inner][vc_column_inner width=&#8220;5\/12&#8243;][vc_column_text]<strong>Attraktive Steuers\u00e4tze, gut ausgebildete und hoch qualifizierte Arbeitskr\u00e4fte, ein zweisprachiges Umfeld und verf\u00fcgbares Bauland machen den Kanton Freiburg zum idealen Wirtschaftsstandort.<\/strong>[\/vc_column_text][vc_column_text]\u00a0[\/vc_column_text][vc_single_image image=&#8220;1748&#8243; img_size=&#8220;full&#8220;][\/vc_column_inner][vc_column_inner width=&#8220;5\/12&#8243;][vc_column_text]<strong>THE PLACE TO GROW<\/strong><\/p>\n<p>Mit diesen vier Merkmalen\u00a0kann Freiburg \u00fcberzeugen:<\/p>\n<ul>\n<li>Biowirtschaft<\/li>\n<li>Industrie 4.0<\/li>\n<li>J\u00fcngste Bev\u00f6lkerung der Schweiz<\/li>\n<li>Aktive Bodenpolitik<\/li>\n<\/ul>\n<p>Die <strong>Strategie der Freiburger Wirtschaftsf\u00f6rderung<\/strong> st\u00fctzt sich auf die Dynamik und die Vielfalt des lokalen Wirtschaftsgef\u00fcges sowie auf die zwei Schwerpunkte Biowirtschaft und Industrie 4.0.<\/p>\n<p>In der <strong>Biowirtschaft<\/strong> werden alle Aktivit\u00e4ten zur Produktion, Umwandlung und Verwertung von Bioressourcen im Prim\u00e4rsektor sowie die Herstellung von Molek\u00fclen, Energie und innovativen Materialien f\u00fcr den Bausektor zusammengefasst. Somit deckt sie neben dem Lebensmittelsektor auch Bereiche wie das Bauwesen und die Biotechnologie ab.<\/p>\n<p>Die <strong>Industrie 4.0<\/strong> umfasst Spitzentechnologien wie die k\u00fcnstliche Intelligenz, das Internet der Dinge und die Robotik und gr\u00fcndet auf der Digitalisierung der Prozesse, des Handels und der Produkte.<\/p>\n<p>Um den Herausforderungen des digitalen Wandels gerecht zu werden, kann der Kanton Freiburg insbesondere auf ein anhaltendes <strong>Bev\u00f6lkerungswachstum<\/strong> und die j\u00fcngste Bev\u00f6lkerung der Schweiz z\u00e4hlen.<\/p>\n<p>Mit der kantonalen Anstalt f\u00fcr die aktive Bodenpolitik (KAAB), einer Art Immobilienagentur f\u00fcr Unternehmen, verf\u00fcgt Freiburg auch \u00fcber ein leistungsstarkes Instrument, um die <strong>Verf\u00fcgbarkeit von Grundst\u00fccken<\/strong> f\u00fcr industrielle Zwecke zu gew\u00e4hrleisten.<\/p>\n<p>Zu den weiteren St\u00e4rken des Kantons geh\u00f6ren <strong>dynamische Universit\u00e4ten und Hochschulen<\/strong>, eine ausgepr\u00e4gte Innovationskultur, eine starke Unterst\u00fctzung f\u00fcr Unternehmen und eine hervorragende Lebensqualit\u00e4t (<em>siehe die Artikel unten<\/em>).[\/vc_column_text][\/vc_column_inner][\/vc_row_inner][\/vc_column][\/vc_row][vc_row el_class=&#8220;pt-0&#8243;][vc_column][vc_row_inner][vc_column_inner width=&#8220;2\/3&#8243;][\/vc_column_inner][vc_column_inner width=&#8220;1\/3&#8243;]<div class='slider-btn text-end'><a href='javascript:void(0);' class='actif prev'><i class='fa-thin fa-arrow-left'><\/i><\/a><a href='javascript:void(0);' class='actif next'><i class='fa-thin fa-arrow-right'><\/i><\/a><\/div>[\/vc_column_inner][\/vc_row_inner][vc_row_inner][vc_column_inner]<div class='slider about'><div class='carousel-cell'><div class='fond' style='background-image: url(https:\/\/www.fribourg.swiss\/wp-content\/uploads\/2022\/08\/Fribourg-Qualite-de-vie-1.jpg);'><div class='layout'><\/div><\/div><a href='https:\/\/www.fribourg.swiss\/de\/about\/freiburg-land-der-werte\/'><\/a><div class='overlay'><div class='subtitle'>ABOUT FRIBOURG<\/div><div class='resume'><p>Freiburg, Land der Werte<\/p>\n<\/div><\/div><\/div><div class='carousel-cell'><div class='fond' style='background-image: url(https:\/\/www.fribourg.swiss\/wp-content\/uploads\/2022\/06\/Fribourg-Soutien-aux-entreprises.jpg);'><div class='layout'><\/div><\/div><a href='https:\/\/www.fribourg.swiss\/de\/about\/freiburg-eine-rueckhaltlose-unterstuetzung-der-unternehmen\/'><\/a><div class='overlay'><div class='subtitle'>ABOUT FRIBOURG<\/div><div class='resume'><p>FREIBURG, EINE R\u00dcCKHALTLOSE<br \/>\nUNTERST\u00dcTZUNG DER UNTERNEHMEN<\/p>\n<\/div><\/div><\/div><div class='carousel-cell'><div class='fond' style='background-image: url(https:\/\/www.fribourg.swiss\/wp-content\/uploads\/2022\/06\/Fribourg-Education-et-science-HEG.jpg);'><div class='layout'><\/div><\/div><a href='https:\/\/www.fribourg.swiss\/de\/about\/freiburg-unterstuetzt-die-unternehmen\/'><\/a><div class='overlay'><div class='subtitle'>ABOUT FRIBOURG<\/div><div class='resume'><p>FREIBURG UNTERST\u00dcTZT<br \/>\nDIE UNTERNEHMEN<\/p>\n<\/div><\/div><\/div><div class='carousel-cell'><div class='fond' style='background-image: url(https:\/\/www.fribourg.swiss\/wp-content\/uploads\/2022\/06\/Fribourg-Tech-Transfer-ChemTech.jpg);'><div class='layout'><\/div><\/div><a href='https:\/\/www.fribourg.swiss\/de\/about\/freiburg-uebernimmt-im-technologietransfer-den-lead\/'><\/a><div class='overlay'><div class='subtitle'>ABOUT FRIBOURG<\/div><div class='resume'><p>FREIBURG \u00dcBERNIMMT IM TECHNOLOGIETRANSFER DEN LEAD<\/p>\n<\/div><\/div><\/div><div class='carousel-cell'><div class='fond' style='background-image: url(https:\/\/www.fribourg.swiss\/wp-content\/uploads\/2022\/06\/Fribourg-Innovation-Comet.jpg);'><div class='layout'><\/div><\/div><a href='https:\/\/www.fribourg.swiss\/de\/about\/freiburg-am-knotenpunkt-der-innovation\/'><\/a><div class='overlay'><div class='subtitle'>ABOUT FRIBOURG<\/div><div class='resume'><p>FREIBURG, AM KNOTENPUNKT<br \/>\nDER INNOVATION<\/p>\n<\/div><\/div><\/div><\/div>[\/vc_column_inner][\/vc_row_inner][\/vc_column][\/vc_row][vc_row][vc_column][vc_row_inner][vc_column_inner width=&#8220;2\/12&#8243;][\/vc_column_inner][vc_column_inner width=&#8220;8\/12&#8243;][vc_single_image image=&#8220;2850&#8243; img_size=&#8220;full&#8220;][\/vc_column_inner][vc_column_inner width=&#8220;2\/12&#8243;][\/vc_column_inner][\/vc_row_inner][\/vc_column][\/vc_row][vc_row][vc_column][vc_row_inner][vc_column_inner width=&#8220;2\/12&#8243;][\/vc_column_inner][vc_column_inner width=&#8220;8\/12&#8243;][vc_single_image image=&#8220;2862&#8243; img_size=&#8220;full&#8220;][\/vc_column_inner][vc_column_inner width=&#8220;2\/12&#8243;][\/vc_column_inner][\/vc_row_inner][\/vc_column][\/vc_row]<\/p>\n<\/div>","protected":false},"excerpt":{"rendered":"<p>[vc_row el_class=&#8220;pt-0 pb-0&#8243;][vc_column][vc_row_inner][vc_column_inner width=&#8220;2\/12&#8243;][\/vc_column_inner][vc_column_inner width=&#8220;8\/12&#8243;][vc_column_text] WARUM FREIBURG? [\/vc_column_text][\/vc_column_inner][vc_column_inner width=&#8220;2\/12&#8243;][\/vc_column_inner][\/vc_row_inner][\/vc_column][\/vc_row][vc_row][vc_column][vc_row_inner][vc_column_inner width=&#8220;2\/12&#8243;][\/vc_column_inner][vc_column_inner width=&#8220;5\/12&#8243;][vc_column_text]Attraktive Steuers\u00e4tze, gut ausgebildete und hoch qualifizierte Arbeitskr\u00e4fte, ein zweisprachiges Umfeld und verf\u00fcgbares Bauland machen den Kanton Freiburg zum idealen Wirtschaftsstandort.[\/vc_column_text][vc_column_text]\u00a0[\/vc_column_text][vc_single_image image=&#8220;1748&#8243; img_size=&#8220;full&#8220;][\/vc_column_inner][vc_column_inner width=&#8220;5\/12&#8243;][vc_column_text]THE PLACE TO GROW Mit diesen vier Merkmalen\u00a0kann Freiburg \u00fcberzeugen: Biowirtschaft Industrie 4.0 J\u00fcngste Bev\u00f6lkerung der Schweiz Aktive Bodenpolitik Die Strategie der [&hellip;]<\/p>\n","protected":false},"author":1,"featured_media":0,"parent":0,"menu_order":0,"comment_status":"closed","ping_status":"closed","template":"","meta":{"_acf_changed":false,"footnotes":""},"class_list":["post-1833","page","type-page","status-publish","hentry"],"acf":[],"yoast_head":"<!-- This site is optimized with the Yoast SEO plugin v26.9 - https:\/\/yoast.com\/product\/yoast-seo-wordpress\/ -->\n<title>Warum Freiburg? | fribourg.swiss<\/title>\n<meta name=\"description\" content=\"Attraktive Steuers\u00e4tze, gut ausgebildete und hoch qualifizierte Arbeitskr\u00e4fte, ein zweisprachiges Umfeld und verf\u00fcgbares Bauland machen aus dem Kanton Freiburg einen idealen Wirtschaftsstandort.\" \/>\n<meta name=\"robots\" content=\"index, follow, max-snippet:-1, max-image-preview:large, max-video-preview:-1\" \/>\n<link rel=\"canonical\" href=\"https:\/\/www.fribourg.swiss\/de\/warum-freiburg\/\" \/>\n<meta property=\"og:locale\" content=\"de_DE\" \/>\n<meta property=\"og:type\" content=\"article\" \/>\n<meta property=\"og:title\" content=\"Warum Freiburg? | fribourg.swiss\" \/>\n<meta property=\"og:description\" content=\"Attraktive Steuers\u00e4tze, gut ausgebildete und hoch qualifizierte Arbeitskr\u00e4fte, ein zweisprachiges Umfeld und verf\u00fcgbares Bauland machen aus dem Kanton Freiburg einen idealen Wirtschaftsstandort.\" \/>\n<meta property=\"og:url\" content=\"https:\/\/www.fribourg.swiss\/de\/warum-freiburg\/\" \/>\n<meta property=\"og:site_name\" content=\"fribourg.swiss\" \/>\n<meta property=\"article:modified_time\" content=\"2025-05-22T14:47:14+00:00\" \/>\n<meta name=\"twitter:card\" content=\"summary_large_image\" \/>\n<meta name=\"twitter:label1\" content=\"Gesch\u00e4tzte Lesezeit\" \/>\n\t<meta name=\"twitter:data1\" content=\"2\u00a0Minuten\" \/>\n<script type=\"application\/ld+json\" class=\"yoast-schema-graph\">{\"@context\":\"https:\/\/schema.org\",\"@graph\":[{\"@type\":\"WebPage\",\"@id\":\"https:\/\/www.fribourg.swiss\/de\/warum-freiburg\/\",\"url\":\"https:\/\/www.fribourg.swiss\/de\/warum-freiburg\/\",\"name\":\"Warum Freiburg? | fribourg.swiss\",\"isPartOf\":{\"@id\":\"https:\/\/www.fribourg.swiss\/de\/#website\"},\"datePublished\":\"2022-06-20T10:12:16+00:00\",\"dateModified\":\"2025-05-22T14:47:14+00:00\",\"description\":\"Attraktive Steuers\u00e4tze, gut ausgebildete und hoch qualifizierte Arbeitskr\u00e4fte, ein zweisprachiges Umfeld und verf\u00fcgbares Bauland machen aus dem Kanton Freiburg einen idealen Wirtschaftsstandort.\",\"breadcrumb\":{\"@id\":\"https:\/\/www.fribourg.swiss\/de\/warum-freiburg\/#breadcrumb\"},\"inLanguage\":\"de\",\"potentialAction\":[{\"@type\":\"ReadAction\",\"target\":[\"https:\/\/www.fribourg.swiss\/de\/warum-freiburg\/\"]}]},{\"@type\":\"BreadcrumbList\",\"@id\":\"https:\/\/www.fribourg.swiss\/de\/warum-freiburg\/#breadcrumb\",\"itemListElement\":[{\"@type\":\"ListItem\",\"position\":1,\"name\":\"Accueil\",\"item\":\"https:\/\/www.fribourg.swiss\/de\/\"},{\"@type\":\"ListItem\",\"position\":2,\"name\":\"Warum Freiburg?\"}]},{\"@type\":\"WebSite\",\"@id\":\"https:\/\/www.fribourg.swiss\/de\/#website\",\"url\":\"https:\/\/www.fribourg.swiss\/de\/\",\"name\":\"fribourg.swiss\",\"description\":\"The place to grow\",\"publisher\":{\"@id\":\"https:\/\/www.fribourg.swiss\/de\/#organization\"},\"potentialAction\":[{\"@type\":\"SearchAction\",\"target\":{\"@type\":\"EntryPoint\",\"urlTemplate\":\"https:\/\/www.fribourg.swiss\/de\/?s={search_term_string}\"},\"query-input\":{\"@type\":\"PropertyValueSpecification\",\"valueRequired\":true,\"valueName\":\"search_term_string\"}}],\"inLanguage\":\"de\"},{\"@type\":\"Organization\",\"@id\":\"https:\/\/www.fribourg.swiss\/de\/#organization\",\"name\":\"Fribourg Network Freiburg\",\"url\":\"https:\/\/www.fribourg.swiss\/de\/\",\"logo\":{\"@type\":\"ImageObject\",\"inLanguage\":\"de\",\"@id\":\"https:\/\/www.fribourg.swiss\/de\/#\/schema\/logo\/image\/\",\"url\":\"https:\/\/www.fribourgnetwork.ch\/wp-content\/uploads\/2022\/08\/logo.png\",\"contentUrl\":\"https:\/\/www.fribourgnetwork.ch\/wp-content\/uploads\/2022\/08\/logo.png\",\"width\":270,\"height\":140,\"caption\":\"Fribourg Network Freiburg\"},\"image\":{\"@id\":\"https:\/\/www.fribourg.swiss\/de\/#\/schema\/logo\/image\/\"}}]}<\/script>\n<!-- \/ Yoast SEO plugin. -->","yoast_head_json":{"title":"Warum Freiburg? | fribourg.swiss","description":"Attraktive Steuers\u00e4tze, gut ausgebildete und hoch qualifizierte Arbeitskr\u00e4fte, ein zweisprachiges Umfeld und verf\u00fcgbares Bauland machen aus dem Kanton Freiburg einen idealen Wirtschaftsstandort.","robots":{"index":"index","follow":"follow","max-snippet":"max-snippet:-1","max-image-preview":"max-image-preview:large","max-video-preview":"max-video-preview:-1"},"canonical":"https:\/\/www.fribourg.swiss\/de\/warum-freiburg\/","og_locale":"de_DE","og_type":"article","og_title":"Warum Freiburg? | fribourg.swiss","og_description":"Attraktive Steuers\u00e4tze, gut ausgebildete und hoch qualifizierte Arbeitskr\u00e4fte, ein zweisprachiges Umfeld und verf\u00fcgbares Bauland machen aus dem Kanton Freiburg einen idealen Wirtschaftsstandort.","og_url":"https:\/\/www.fribourg.swiss\/de\/warum-freiburg\/","og_site_name":"fribourg.swiss","article_modified_time":"2025-05-22T14:47:14+00:00","twitter_card":"summary_large_image","twitter_misc":{"Gesch\u00e4tzte Lesezeit":"2\u00a0Minuten"},"schema":{"@context":"https:\/\/schema.org","@graph":[{"@type":"WebPage","@id":"https:\/\/www.fribourg.swiss\/de\/warum-freiburg\/","url":"https:\/\/www.fribourg.swiss\/de\/warum-freiburg\/","name":"Warum Freiburg? | fribourg.swiss","isPartOf":{"@id":"https:\/\/www.fribourg.swiss\/de\/#website"},"datePublished":"2022-06-20T10:12:16+00:00","dateModified":"2025-05-22T14:47:14+00:00","description":"Attraktive Steuers\u00e4tze, gut ausgebildete und hoch qualifizierte Arbeitskr\u00e4fte, ein zweisprachiges Umfeld und verf\u00fcgbares Bauland machen aus dem Kanton Freiburg einen idealen Wirtschaftsstandort.","breadcrumb":{"@id":"https:\/\/www.fribourg.swiss\/de\/warum-freiburg\/#breadcrumb"},"inLanguage":"de","potentialAction":[{"@type":"ReadAction","target":["https:\/\/www.fribourg.swiss\/de\/warum-freiburg\/"]}]},{"@type":"BreadcrumbList","@id":"https:\/\/www.fribourg.swiss\/de\/warum-freiburg\/#breadcrumb","itemListElement":[{"@type":"ListItem","position":1,"name":"Accueil","item":"https:\/\/www.fribourg.swiss\/de\/"},{"@type":"ListItem","position":2,"name":"Warum Freiburg?"}]},{"@type":"WebSite","@id":"https:\/\/www.fribourg.swiss\/de\/#website","url":"https:\/\/www.fribourg.swiss\/de\/","name":"fribourg.swiss","description":"The place to grow","publisher":{"@id":"https:\/\/www.fribourg.swiss\/de\/#organization"},"potentialAction":[{"@type":"SearchAction","target":{"@type":"EntryPoint","urlTemplate":"https:\/\/www.fribourg.swiss\/de\/?s={search_term_string}"},"query-input":{"@type":"PropertyValueSpecification","valueRequired":true,"valueName":"search_term_string"}}],"inLanguage":"de"},{"@type":"Organization","@id":"https:\/\/www.fribourg.swiss\/de\/#organization","name":"Fribourg Network Freiburg","url":"https:\/\/www.fribourg.swiss\/de\/","logo":{"@type":"ImageObject","inLanguage":"de","@id":"https:\/\/www.fribourg.swiss\/de\/#\/schema\/logo\/image\/","url":"https:\/\/www.fribourgnetwork.ch\/wp-content\/uploads\/2022\/08\/logo.png","contentUrl":"https:\/\/www.fribourgnetwork.ch\/wp-content\/uploads\/2022\/08\/logo.png","width":270,"height":140,"caption":"Fribourg Network Freiburg"},"image":{"@id":"https:\/\/www.fribourg.swiss\/de\/#\/schema\/logo\/image\/"}}]}},"_links":{"self":[{"href":"https:\/\/www.fribourg.swiss\/de\/wp-json\/wp\/v2\/pages\/1833","targetHints":{"allow":["GET"]}}],"collection":[{"href":"https:\/\/www.fribourg.swiss\/de\/wp-json\/wp\/v2\/pages"}],"about":[{"href":"https:\/\/www.fribourg.swiss\/de\/wp-json\/wp\/v2\/types\/page"}],"author":[{"embeddable":true,"href":"https:\/\/www.fribourg.swiss\/de\/wp-json\/wp\/v2\/users\/1"}],"replies":[{"embeddable":true,"href":"https:\/\/www.fribourg.swiss\/de\/wp-json\/wp\/v2\/comments?post=1833"}],"version-history":[{"count":11,"href":"https:\/\/www.fribourg.swiss\/de\/wp-json\/wp\/v2\/pages\/1833\/revisions"}],"predecessor-version":[{"id":3540,"href":"https:\/\/www.fribourg.swiss\/de\/wp-json\/wp\/v2\/pages\/1833\/revisions\/3540"}],"wp:attachment":[{"href":"https:\/\/www.fribourg.swiss\/de\/wp-json\/wp\/v2\/media?parent=1833"}],"curies":[{"name":"wp","href":"https:\/\/api.w.org\/{rel}","templated":true}]}}