{"id":1903,"date":"2022-06-24T10:18:56","date_gmt":"2022-06-24T08:18:56","guid":{"rendered":"http:\/\/www.fribourgnetwork.ch\/about\/acteur-du-transfert-technologique\/"},"modified":"2023-06-19T12:58:05","modified_gmt":"2023-06-19T10:58:05","slug":"freiburg-uebernimmt-im-technologietransfer-den-lead","status":"publish","type":"about","link":"https:\/\/www.fribourg.swiss\/de\/about\/freiburg-uebernimmt-im-technologietransfer-den-lead\/","title":{"rendered":"FREIBURG \u00dcBERNIMMT IM TECHNOLOGIETRANSFER DEN LEAD"},"content":{"rendered":"<div class=\"wpb-content-wrapper\"><p>[vc_row el_class=&#8220;pt-0&#8243;][vc_column][vc_row_inner][vc_column_inner width=&#8220;2\/12&#8243;][\/vc_column_inner][vc_column_inner width=&#8220;10\/12&#8243;]<div class=\"titre article\">FREIBURG \u00dcBERNIMMT IM TECHNOLOGIETRANSFER DEN LEAD<\/div><div class=\"sous-titre\">ABOUT FRIBOURG<\/div>[\/vc_column_inner][\/vc_row_inner][\/vc_column][\/vc_row][vc_row][vc_column][vc_row_inner][vc_column_inner width=&#8220;2\/12&#8243;][\/vc_column_inner][vc_column_inner width=&#8220;5\/12&#8243;][vc_column_text]<strong>Der Wissens- und Technologietransfer ist ein wesentlicher Bestandteil des wirtschaftlichen \u00d6kosystems von Freiburg.<\/strong>[\/vc_column_text][vc_column_text]\u00a0[\/vc_column_text][vc_single_image image=&#8220;1756&#8243; img_size=&#8220;full&#8220;][\/vc_column_inner][vc_column_inner width=&#8220;5\/12&#8243;][vc_column_text]Er st\u00e4rkt das Innovations- potenzial und die Wettbewerbsf\u00e4higkeit der Industrie, tr\u00e4gt zur Entwicklung von Kooperationsprojekten bei und schafft Win-Win-Situationen. Dazu stehen den Unternehmen eine F\u00fclle von Ressourcen und spezialisierten Dienstleistungen zur Verf\u00fcgung: drei Branchencluster, f\u00fcnf Kompetenz- zentren, ein Forschungszentrum f\u00fcr Materialwissenschaften (AMI), die Technologieplattform INNOSQUARE und ein B\u00fcro f\u00fcr den Technologietransfer.<\/p>\n<p>Dar\u00fcber hinaus betreut die Hochschule f\u00fcr Technik und Architektur Freiburg (HTA-FR) zehn Institute f\u00fcr ange- wandte Forschung in drei verschie- denen Bereichen: Informations- und Kommunikationstechnologien, Bauen und Umwelt sowie Industrie- technologien. Indem diese Institute innovative und leistungsstarke Produkte und Verfahren entwickeln, unterst\u00fctzen sie die Unternehmen bei der Erarbeitung neuartiger L\u00f6sungen.[\/vc_column_text][\/vc_column_inner][\/vc_row_inner][\/vc_column][\/vc_row][vc_row el_class=&#8220;pt-0&#8243;][vc_column][vc_row_inner][vc_column_inner width=&#8220;2\/12&#8243;][\/vc_column_inner][vc_column_inner width=&#8220;5\/12&#8243;][vc_column_text]<\/p>\n<h2 class=\"title\">TECHTRANSFER FRIBOURG<\/h2>\n<p>TechTransfer Freiburg ist das B\u00fcro f\u00fcr den Technologie- transfer der Universit\u00e4t Freiburg, des Adolphe Merkle Instituts und der Hochschule f\u00fcr Technik und Architektur Freiburg. Es gibt Auskunft zu Fragen des geistigen Eigentums und dient als Schnittstelle zwischen der akade- mischen Forschung und den Unternehmen.[\/vc_column_text][vc_single_image image=&#8220;177&#8243; img_size=&#8220;&#8220; el_class=&#8220;logo-image&#8220;][vc_column_text]<a class=\"button\" href=\"http:\/\/www.tt-fr.ch\" target=\"_blank\" rel=\"noopener\">www.tt-fr.ch<\/a>[\/vc_column_text][\/vc_column_inner][vc_column_inner width=&#8220;5\/12&#8243;][vc_column_text]<\/p>\n<h2 class=\"title\">INNOSQUARE<\/h2>\n<p>Die Technologieplattform INNOSQUARE unterst\u00fctzt die Unternehmen bei ihren Innovationsprojekten und f\u00f6rdert die Realisierung von branchen\u00fcbergreifenden oder bereichsbe- zogenen Kooperationsprojekten zwischen Privatwirtschaft, \u00f6ffentlichen Einrichtungen und Hochschulen.[\/vc_column_text][vc_single_image image=&#8220;1606&#8243; img_size=&#8220;&#8220; el_class=&#8220;logo-image&#8220;][vc_column_text]<a class=\"button\" href=\"https:\/\/www.innosquare.com\/\" target=\"_blank\" rel=\"noopener\">www.innosquare.com<\/a>[\/vc_column_text][\/vc_column_inner][\/vc_row_inner][vc_row_inner][vc_column_inner width=&#8220;2\/12&#8243;][\/vc_column_inner][vc_column_inner width=&#8220;5\/12&#8243;][vc_column_text]<\/p>\n<h2 class=\"title\">ADOLPHE MERKLE INSTITUTE<\/h2>\n<p>Das auf Nano- und Materialwissenschaften spezialisierte Adolphe Merkle Institut (AMI) stimuliert die Innovation und f\u00f6rdert die industrielle Wettbewerbs- f\u00e4higkeit durch Kooperationen mit dem Privatsektor. Das AMI beherbergt zudem den international renommierten Nationalen Forschungsschwerpunkt Bioinspirierte Materialien[\/vc_column_text][vc_single_image image=&#8220;1609&#8243; img_size=&#8220;&#8220; el_class=&#8220;logo-image&#8220;][vc_column_text]<a class=\"button\" href=\"http:\/\/www.ami.swiss\" target=\"_blank\" rel=\"noopener\">www.ami.swiss<\/a>[\/vc_column_text][\/vc_column_inner][\/vc_row_inner][\/vc_column][\/vc_row][vc_row el_class=&#8220;pt-0&#8243;][vc_column][vc_row_inner][vc_column_inner width=&#8220;2\/12&#8243;][\/vc_column_inner][vc_column_inner width=&#8220;5\/12&#8243;][vc_column_text]<\/p>\n<h2 class=\"title\">BRANCHEN-CLUSTER<\/h2>\n<p><strong>Building Innovation Cluster<\/strong><br \/>\n<a href=\"http:\/\/www.building-innovation.ch\">www.building-innovation.ch<\/a><\/p>\n<p><strong>Cluster Food &amp; Nutrition<\/strong><br \/>\n<a href=\"http:\/\/www.clusterfoodnutrition.ch\">www.clusterfoodnutrition.ch<\/a><\/p>\n<p><strong>Swiss Plastics Cluster<\/strong><br \/>\n<a href=\"http:\/\/www.swissplastics-cluster.ch\">www.swissplastics-cluster.ch<\/a>[\/vc_column_text][\/vc_column_inner][vc_column_inner width=&#8220;5\/12&#8243;][vc_column_text]<\/p>\n<h2 class=\"title\">KOMPETENZ-ZENTREN<\/h2>\n<p><strong>Biofactory Competence Center (BCC)<\/strong><br \/>\n<a href=\"http:\/\/www.bcc.ch\" target=\"_blank\" rel=\"noopener\">www.bcc.ch<\/a><\/p>\n<p><strong>Digital Printing Competence Center (iPrint)<\/strong><br \/>\n<a href=\"http:\/\/www.iprint.center\" target=\"_blank\" rel=\"noopener\">www.iprint.center<\/a><\/p>\n<p><strong>Plastics Innovation Competence Center (PICC)<\/strong><br \/>\n<a href=\"http:\/\/www.picc.center\" target=\"_blank\" rel=\"noopener\">www.picc.center<\/a><\/p>\n<p><strong>Robust and Safe Systems Center (ROSAS)<\/strong><br \/>\n<a href=\"http:\/\/www.rosas.center\" target=\"_blank\" rel=\"noopener\">www.rosas.center<\/a><\/p>\n<p><strong>Smart Living Lab<\/strong><br \/>\n<a href=\"http:\/\/www.smartlivinglab.ch\" target=\"_blank\" rel=\"noopener\">www.smartlivinglab.ch<\/a>[\/vc_column_text][\/vc_column_inner][\/vc_row_inner][\/vc_column][\/vc_row]<\/p>\n<\/div>","protected":false},"author":1,"featured_media":1758,"template":"","class_list":["post-1903","about","type-about","status-publish","hentry"],"acf":[],"yoast_head":"<!-- This site is optimized with the Yoast SEO plugin v26.9 - https:\/\/yoast.com\/product\/yoast-seo-wordpress\/ -->\n<title>FREIBURG \u00dcBERNIMMT IM TECHNOLOGIETRANSFER DEN LEAD | fribourg.swiss<\/title>\n<meta name=\"robots\" content=\"index, follow, max-snippet:-1, max-image-preview:large, max-video-preview:-1\" \/>\n<link rel=\"canonical\" href=\"https:\/\/www.fribourg.swiss\/de\/about\/freiburg-uebernimmt-im-technologietransfer-den-lead\/\" \/>\n<meta property=\"og:locale\" content=\"de_DE\" \/>\n<meta property=\"og:type\" content=\"article\" \/>\n<meta property=\"og:title\" content=\"FREIBURG \u00dcBERNIMMT IM TECHNOLOGIETRANSFER DEN LEAD | fribourg.swiss\" \/>\n<meta property=\"og:description\" content=\"[vc_row el_class=&#8220;pt-0&#8243;][vc_column][vc_row_inner][vc_column_inner width=&#8220;2\/12&#8243;][\/vc_column_inner][vc_column_inner width=&#8220;10\/12&#8243;][\/vc_column_inner][\/vc_row_inner][\/vc_column][\/vc_row][vc_row][vc_column][vc_row_inner][vc_column_inner width=&#8220;2\/12&#8243;][\/vc_column_inner][vc_column_inner width=&#8220;5\/12&#8243;][vc_column_text]Der Wissens- und Technologietransfer ist ein wesentlicher Bestandteil des wirtschaftlichen \u00d6kosystems von Freiburg.[\/vc_column_text][vc_column_text]\u00a0[\/vc_column_text][vc_single_image image=&#8220;1756&#8243; img_size=&#8220;full&#8220;][\/vc_column_inner][vc_column_inner width=&#8220;5\/12&#8243;][vc_column_text]Er st\u00e4rkt das Innovations- potenzial und die Wettbewerbsf\u00e4higkeit der Industrie, tr\u00e4gt zur Entwicklung von Kooperationsprojekten bei und schafft Win-Win-Situationen. Dazu stehen den Unternehmen eine F\u00fclle von Ressourcen und spezialisierten Dienstleistungen zur Verf\u00fcgung: drei Branchencluster, f\u00fcnf [&hellip;]\" \/>\n<meta property=\"og:url\" content=\"https:\/\/www.fribourg.swiss\/de\/about\/freiburg-uebernimmt-im-technologietransfer-den-lead\/\" \/>\n<meta property=\"og:site_name\" content=\"fribourg.swiss\" \/>\n<meta property=\"article:modified_time\" content=\"2023-06-19T10:58:05+00:00\" \/>\n<meta property=\"og:image\" content=\"https:\/\/www.fribourg.swiss\/wp-content\/uploads\/2022\/06\/Fribourg-Tech-Transfer-ChemTech.jpg\" \/>\n\t<meta property=\"og:image:width\" content=\"768\" \/>\n\t<meta property=\"og:image:height\" content=\"768\" \/>\n\t<meta property=\"og:image:type\" content=\"image\/jpeg\" \/>\n<meta name=\"twitter:card\" content=\"summary_large_image\" \/>\n<meta name=\"twitter:label1\" content=\"Gesch\u00e4tzte Lesezeit\" \/>\n\t<meta name=\"twitter:data1\" content=\"2\u00a0Minuten\" \/>\n<script type=\"application\/ld+json\" class=\"yoast-schema-graph\">{\"@context\":\"https:\/\/schema.org\",\"@graph\":[{\"@type\":\"WebPage\",\"@id\":\"https:\/\/www.fribourg.swiss\/de\/about\/freiburg-uebernimmt-im-technologietransfer-den-lead\/\",\"url\":\"https:\/\/www.fribourg.swiss\/de\/about\/freiburg-uebernimmt-im-technologietransfer-den-lead\/\",\"name\":\"FREIBURG \u00dcBERNIMMT IM TECHNOLOGIETRANSFER DEN LEAD | fribourg.swiss\",\"isPartOf\":{\"@id\":\"https:\/\/www.fribourg.swiss\/de\/#website\"},\"primaryImageOfPage\":{\"@id\":\"https:\/\/www.fribourg.swiss\/de\/about\/freiburg-uebernimmt-im-technologietransfer-den-lead\/#primaryimage\"},\"image\":{\"@id\":\"https:\/\/www.fribourg.swiss\/de\/about\/freiburg-uebernimmt-im-technologietransfer-den-lead\/#primaryimage\"},\"thumbnailUrl\":\"https:\/\/www.fribourg.swiss\/wp-content\/uploads\/2022\/06\/Fribourg-Tech-Transfer-ChemTech.jpg\",\"datePublished\":\"2022-06-24T08:18:56+00:00\",\"dateModified\":\"2023-06-19T10:58:05+00:00\",\"breadcrumb\":{\"@id\":\"https:\/\/www.fribourg.swiss\/de\/about\/freiburg-uebernimmt-im-technologietransfer-den-lead\/#breadcrumb\"},\"inLanguage\":\"de\",\"potentialAction\":[{\"@type\":\"ReadAction\",\"target\":[\"https:\/\/www.fribourg.swiss\/de\/about\/freiburg-uebernimmt-im-technologietransfer-den-lead\/\"]}]},{\"@type\":\"ImageObject\",\"inLanguage\":\"de\",\"@id\":\"https:\/\/www.fribourg.swiss\/de\/about\/freiburg-uebernimmt-im-technologietransfer-den-lead\/#primaryimage\",\"url\":\"https:\/\/www.fribourg.swiss\/wp-content\/uploads\/2022\/06\/Fribourg-Tech-Transfer-ChemTech.jpg\",\"contentUrl\":\"https:\/\/www.fribourg.swiss\/wp-content\/uploads\/2022\/06\/Fribourg-Tech-Transfer-ChemTech.jpg\",\"width\":768,\"height\":768},{\"@type\":\"BreadcrumbList\",\"@id\":\"https:\/\/www.fribourg.swiss\/de\/about\/freiburg-uebernimmt-im-technologietransfer-den-lead\/#breadcrumb\",\"itemListElement\":[{\"@type\":\"ListItem\",\"position\":1,\"name\":\"Accueil\",\"item\":\"https:\/\/www.fribourg.swiss\/de\/\"},{\"@type\":\"ListItem\",\"position\":2,\"name\":\"Abouts\",\"item\":\"https:\/\/www.fribourg.swiss\/de\/about\/\"},{\"@type\":\"ListItem\",\"position\":3,\"name\":\"FREIBURG \u00dcBERNIMMT IM TECHNOLOGIETRANSFER DEN LEAD\"}]},{\"@type\":\"WebSite\",\"@id\":\"https:\/\/www.fribourg.swiss\/de\/#website\",\"url\":\"https:\/\/www.fribourg.swiss\/de\/\",\"name\":\"fribourg.swiss\",\"description\":\"The place to grow\",\"publisher\":{\"@id\":\"https:\/\/www.fribourg.swiss\/de\/#organization\"},\"potentialAction\":[{\"@type\":\"SearchAction\",\"target\":{\"@type\":\"EntryPoint\",\"urlTemplate\":\"https:\/\/www.fribourg.swiss\/de\/?s={search_term_string}\"},\"query-input\":{\"@type\":\"PropertyValueSpecification\",\"valueRequired\":true,\"valueName\":\"search_term_string\"}}],\"inLanguage\":\"de\"},{\"@type\":\"Organization\",\"@id\":\"https:\/\/www.fribourg.swiss\/de\/#organization\",\"name\":\"Fribourg Network Freiburg\",\"url\":\"https:\/\/www.fribourg.swiss\/de\/\",\"logo\":{\"@type\":\"ImageObject\",\"inLanguage\":\"de\",\"@id\":\"https:\/\/www.fribourg.swiss\/de\/#\/schema\/logo\/image\/\",\"url\":\"https:\/\/www.fribourgnetwork.ch\/wp-content\/uploads\/2022\/08\/logo.png\",\"contentUrl\":\"https:\/\/www.fribourgnetwork.ch\/wp-content\/uploads\/2022\/08\/logo.png\",\"width\":270,\"height\":140,\"caption\":\"Fribourg Network Freiburg\"},\"image\":{\"@id\":\"https:\/\/www.fribourg.swiss\/de\/#\/schema\/logo\/image\/\"}}]}<\/script>\n<!-- \/ Yoast SEO plugin. -->","yoast_head_json":{"title":"FREIBURG \u00dcBERNIMMT IM TECHNOLOGIETRANSFER DEN LEAD | fribourg.swiss","robots":{"index":"index","follow":"follow","max-snippet":"max-snippet:-1","max-image-preview":"max-image-preview:large","max-video-preview":"max-video-preview:-1"},"canonical":"https:\/\/www.fribourg.swiss\/de\/about\/freiburg-uebernimmt-im-technologietransfer-den-lead\/","og_locale":"de_DE","og_type":"article","og_title":"FREIBURG \u00dcBERNIMMT IM TECHNOLOGIETRANSFER DEN LEAD | fribourg.swiss","og_description":"[vc_row el_class=&#8220;pt-0&#8243;][vc_column][vc_row_inner][vc_column_inner width=&#8220;2\/12&#8243;][\/vc_column_inner][vc_column_inner width=&#8220;10\/12&#8243;][\/vc_column_inner][\/vc_row_inner][\/vc_column][\/vc_row][vc_row][vc_column][vc_row_inner][vc_column_inner width=&#8220;2\/12&#8243;][\/vc_column_inner][vc_column_inner width=&#8220;5\/12&#8243;][vc_column_text]Der Wissens- und Technologietransfer ist ein wesentlicher Bestandteil des wirtschaftlichen \u00d6kosystems von Freiburg.[\/vc_column_text][vc_column_text]\u00a0[\/vc_column_text][vc_single_image image=&#8220;1756&#8243; img_size=&#8220;full&#8220;][\/vc_column_inner][vc_column_inner width=&#8220;5\/12&#8243;][vc_column_text]Er st\u00e4rkt das Innovations- potenzial und die Wettbewerbsf\u00e4higkeit der Industrie, tr\u00e4gt zur Entwicklung von Kooperationsprojekten bei und schafft Win-Win-Situationen. Dazu stehen den Unternehmen eine F\u00fclle von Ressourcen und spezialisierten Dienstleistungen zur Verf\u00fcgung: drei Branchencluster, f\u00fcnf [&hellip;]","og_url":"https:\/\/www.fribourg.swiss\/de\/about\/freiburg-uebernimmt-im-technologietransfer-den-lead\/","og_site_name":"fribourg.swiss","article_modified_time":"2023-06-19T10:58:05+00:00","og_image":[{"width":768,"height":768,"url":"https:\/\/www.fribourg.swiss\/wp-content\/uploads\/2022\/06\/Fribourg-Tech-Transfer-ChemTech.jpg","type":"image\/jpeg"}],"twitter_card":"summary_large_image","twitter_misc":{"Gesch\u00e4tzte Lesezeit":"2\u00a0Minuten"},"schema":{"@context":"https:\/\/schema.org","@graph":[{"@type":"WebPage","@id":"https:\/\/www.fribourg.swiss\/de\/about\/freiburg-uebernimmt-im-technologietransfer-den-lead\/","url":"https:\/\/www.fribourg.swiss\/de\/about\/freiburg-uebernimmt-im-technologietransfer-den-lead\/","name":"FREIBURG \u00dcBERNIMMT IM TECHNOLOGIETRANSFER DEN LEAD | fribourg.swiss","isPartOf":{"@id":"https:\/\/www.fribourg.swiss\/de\/#website"},"primaryImageOfPage":{"@id":"https:\/\/www.fribourg.swiss\/de\/about\/freiburg-uebernimmt-im-technologietransfer-den-lead\/#primaryimage"},"image":{"@id":"https:\/\/www.fribourg.swiss\/de\/about\/freiburg-uebernimmt-im-technologietransfer-den-lead\/#primaryimage"},"thumbnailUrl":"https:\/\/www.fribourg.swiss\/wp-content\/uploads\/2022\/06\/Fribourg-Tech-Transfer-ChemTech.jpg","datePublished":"2022-06-24T08:18:56+00:00","dateModified":"2023-06-19T10:58:05+00:00","breadcrumb":{"@id":"https:\/\/www.fribourg.swiss\/de\/about\/freiburg-uebernimmt-im-technologietransfer-den-lead\/#breadcrumb"},"inLanguage":"de","potentialAction":[{"@type":"ReadAction","target":["https:\/\/www.fribourg.swiss\/de\/about\/freiburg-uebernimmt-im-technologietransfer-den-lead\/"]}]},{"@type":"ImageObject","inLanguage":"de","@id":"https:\/\/www.fribourg.swiss\/de\/about\/freiburg-uebernimmt-im-technologietransfer-den-lead\/#primaryimage","url":"https:\/\/www.fribourg.swiss\/wp-content\/uploads\/2022\/06\/Fribourg-Tech-Transfer-ChemTech.jpg","contentUrl":"https:\/\/www.fribourg.swiss\/wp-content\/uploads\/2022\/06\/Fribourg-Tech-Transfer-ChemTech.jpg","width":768,"height":768},{"@type":"BreadcrumbList","@id":"https:\/\/www.fribourg.swiss\/de\/about\/freiburg-uebernimmt-im-technologietransfer-den-lead\/#breadcrumb","itemListElement":[{"@type":"ListItem","position":1,"name":"Accueil","item":"https:\/\/www.fribourg.swiss\/de\/"},{"@type":"ListItem","position":2,"name":"Abouts","item":"https:\/\/www.fribourg.swiss\/de\/about\/"},{"@type":"ListItem","position":3,"name":"FREIBURG \u00dcBERNIMMT IM TECHNOLOGIETRANSFER DEN LEAD"}]},{"@type":"WebSite","@id":"https:\/\/www.fribourg.swiss\/de\/#website","url":"https:\/\/www.fribourg.swiss\/de\/","name":"fribourg.swiss","description":"The place to grow","publisher":{"@id":"https:\/\/www.fribourg.swiss\/de\/#organization"},"potentialAction":[{"@type":"SearchAction","target":{"@type":"EntryPoint","urlTemplate":"https:\/\/www.fribourg.swiss\/de\/?s={search_term_string}"},"query-input":{"@type":"PropertyValueSpecification","valueRequired":true,"valueName":"search_term_string"}}],"inLanguage":"de"},{"@type":"Organization","@id":"https:\/\/www.fribourg.swiss\/de\/#organization","name":"Fribourg Network Freiburg","url":"https:\/\/www.fribourg.swiss\/de\/","logo":{"@type":"ImageObject","inLanguage":"de","@id":"https:\/\/www.fribourg.swiss\/de\/#\/schema\/logo\/image\/","url":"https:\/\/www.fribourgnetwork.ch\/wp-content\/uploads\/2022\/08\/logo.png","contentUrl":"https:\/\/www.fribourgnetwork.ch\/wp-content\/uploads\/2022\/08\/logo.png","width":270,"height":140,"caption":"Fribourg Network Freiburg"},"image":{"@id":"https:\/\/www.fribourg.swiss\/de\/#\/schema\/logo\/image\/"}}]}},"_links":{"self":[{"href":"https:\/\/www.fribourg.swiss\/de\/wp-json\/wp\/v2\/about\/1903","targetHints":{"allow":["GET"]}}],"collection":[{"href":"https:\/\/www.fribourg.swiss\/de\/wp-json\/wp\/v2\/about"}],"about":[{"href":"https:\/\/www.fribourg.swiss\/de\/wp-json\/wp\/v2\/types\/about"}],"author":[{"embeddable":true,"href":"https:\/\/www.fribourg.swiss\/de\/wp-json\/wp\/v2\/users\/1"}],"wp:featuredmedia":[{"embeddable":true,"href":"https:\/\/www.fribourg.swiss\/de\/wp-json\/wp\/v2\/media\/1758"}],"wp:attachment":[{"href":"https:\/\/www.fribourg.swiss\/de\/wp-json\/wp\/v2\/media?parent=1903"}],"curies":[{"name":"wp","href":"https:\/\/api.w.org\/{rel}","templated":true}]}}